{"id":29906,"date":"2026-04-22T16:23:59","date_gmt":"2026-04-22T13:23:59","guid":{"rendered":"https:\/\/nordicdiy.ee\/epood\/okategoriserad\/ljusglas-med-lock-morkrod-glansig-220ml-h138-x-d82-mm\/"},"modified":"2026-08-21T09:47:17","modified_gmt":"2026-08-21T06:47:17","slug":"ljusglas-med-lock-morkrod-glansig-220ml-h138-x-d82-mm","status":"publish","type":"product","link":"https:\/\/nordicdiy.ee\/sv\/epood\/tillverkning-av-stearinljus\/glas-och-lock-till-stearinljus\/ljusglas-med-lock-morkrod-glansig-220ml-h138-x-d82-mm\/","title":{"rendered":"Ljusglas med lock m\u00f6rkr\u00f6tt glansigt 300ml, h138 x d82 mm"},"content":{"rendered":"<p>Ljusstakens m\u00e5tt \u00e4r <strong>h138 \u00d7 d82 mm<\/strong>, vilket passar utm\u00e4rkt f\u00f6r olika vaxsorter och doftkombinationer. F\u00f6rutom att anv\u00e4ndas till ljustillverkning passar detta lyxiga glas utm\u00e4rkt \u00e4ven som sockersk\u00e5l, godisburk eller f\u00f6rvaring av kosmetiska bomullspads. En elegant och m\u00e5ngsidig inredningsdetalj som passar i alla interi\u00f6rer.  <\/p>\n<p>Ljusk\u00e4rlet \u00e4r tillverkat av starkt, v\u00e4rmebest\u00e4ndigt glas och \u00e4r speciellt utformat f\u00f6r att h\u00e4lla ljus - s\u00e4kert, estetiskt och \u00e5teranv\u00e4ndbart. Efter att ljuset har brunnit ut kan k\u00e4rlet enkelt reng\u00f6ras och \u00e5teranv\u00e4ndas. <\/p>\n<p><strong>F\u00f6rdelar med glas:<\/strong><\/p>\n<ul>\n<li>S\u00e4ker och v\u00e4rmebest\u00e4ndig - utformad f\u00f6r ljusproduktion<\/li>\n<li>\u00c5teranv\u00e4ndbar och milj\u00f6v\u00e4nlig<\/li>\n<li>Vackert och elegant utseende<\/li>\n<li>Inneh\u00e5ller inga tungmetaller<\/li>\n<\/ul>\n<p><strong>Tekniska data:<\/strong><\/p>\n<ul>\n<li>H\u00f6jd: 13,8 cm<\/li>\n<li>Toppdiameter: 8,2 cm<\/li>\n<li>Bottendiameter: 8,2 cm<\/li>\n<li>Kapacitet: 300 ml<\/li>\n<li>F\u00e4rg: m\u00f6rkr\u00f6d, glansig<\/li>\n<\/ul>\n<p><strong>UFIREADY-lack har anv\u00e4nts f\u00f6r att m\u00e5la glaset:<\/strong><\/p>\n<p>Aspol Scentra dekorativt glas \u00e4r belagt med UFIREADY-lacker av h\u00f6gsta kvalitet f\u00f6r en l\u00e5ngvarig och s\u00e4ker finish.<\/p>\n<p><strong>F\u00e4rgegenskaper:<\/strong><\/p>\n<ul>\n<li>Uppfyller alla EU:s s\u00e4kerhets- och kvalitetsstandarder<\/li>\n<li>H\u00e5llbar - beh\u00e5ller f\u00e4rg och glans \u00e4ven efter l\u00e5ng tids anv\u00e4ndning<\/li>\n<li>T\u00e5l upp till 500 diskmaskinscykler<\/li>\n<li>Kemiskt resistent och l\u00e4tt att underh\u00e5lla<\/li>\n<li>S\u00e4ker vid kontakt med livsmedel<\/li>\n<li>Veganskt och testat utan djurf\u00f6rs\u00f6k<\/li>\n<li>Fri fr\u00e5n tungmetaller och ftalater<\/li>\n<\/ul>\n","protected":false},"excerpt":{"rendered":"<p>Ljuskrukan p\u00e5 300 ml \u00e4r tillverkad av starkt, v\u00e4rmebest\u00e4ndigt glas och \u00e4r speciellt utformad f\u00f6r att h\u00e4lla ljus - <strong data-start=\"563\" data-end=\"608\">s\u00e4kert, lyxigt och \u00e5teranv\u00e4ndbart<\/strong>. Efter att ljuset har brunnit ut kan beh\u00e5llaren enkelt reng\u00f6ras och \u00e5teranv\u00e4ndas. Det perfekta ljusglaset f\u00f6r alla hj\u00e4rtans dag, kvinnodagen, mors dag och julkollektionen!  <\/p>\n","protected":false},"featured_media":29919,"template":"","meta":{"site-sidebar-layout":"default","site-content-layout":"","ast-site-content-layout":"default","site-content-style":"default","site-sidebar-style":"default","ast-global-header-display":"","ast-banner-title-visibility":"","ast-main-header-display":"","ast-hfb-above-header-display":"","ast-hfb-below-header-display":"","ast-hfb-mobile-header-display":"","site-post-title":"","ast-breadcrumbs-content":"","ast-featured-img":"","footer-sml-layout":"","ast-disable-related-posts":"","theme-transparent-header-meta":"default","adv-header-id-meta":"","stick-header-meta":"default","header-above-stick-meta":"","header-main-stick-meta":"","header-below-stick-meta":"","astra-migrate-meta-layouts":"default","ast-page-background-enabled":"default","ast-page-background-meta":{"desktop":{"background-color":"","background-image":"","background-repeat":"repeat","background-position":"center center","background-size":"auto","background-attachment":"scroll","background-type":"","background-media":"","overlay-type":"","overlay-color":"","overlay-opacity":"","overlay-gradient":""},"tablet":{"background-color":"","background-image":"","background-repeat":"repeat","background-position":"center center","background-size":"auto","background-attachment":"scroll","background-type":"","background-media":"","overlay-type":"","overlay-color":"","overlay-opacity":"","overlay-gradient":""},"mobile":{"background-color":"","background-image":"","background-repeat":"repeat","background-position":"center center","background-size":"auto","background-attachment":"scroll","background-type":"","background-media":"","overlay-type":"","overlay-color":"","overlay-opacity":"","overlay-gradient":""}},"ast-content-background-meta":{"desktop":{"background-color":"var(--ast-global-color-5)","background-image":"","background-repeat":"repeat","background-position":"center center","background-size":"auto","background-attachment":"scroll","background-type":"","background-media":"","overlay-type":"","overlay-color":"","overlay-opacity":"","overlay-gradient":""},"tablet":{"background-color":"var(--ast-global-color-5)","background-image":"","background-repeat":"repeat","background-position":"center center","background-size":"auto","background-attachment":"scroll","background-type":"","background-media":"","overlay-type":"","overlay-color":"","overlay-opacity":"","overlay-gradient":""},"mobile":{"background-color":"var(--ast-global-color-5)","background-image":"","background-repeat":"repeat","background-position":"center center","background-size":"auto","background-attachment":"scroll","background-type":"","background-media":"","overlay-type":"","overlay-color":"","overlay-opacity":"","overlay-gradient":""}}},"product_brand":[],"product_cat":[162,138],"product_tag":[],"class_list":["post-29906","product","type-product","status-publish","has-post-thumbnail","product_cat-glas-och-lock-till-stearinljus","product_cat-tillverkning-av-stearinljus","desktop-align-left","tablet-align-left","mobile-align-left","ast-product-gallery-layout-horizontal","ast-product-gallery-with-no-image","ast-product-tabs-layout-horizontal","first","instock","taxable","shipping-taxable","purchasable","product-type-simple"],"_links":{"self":[{"href":"https:\/\/nordicdiy.ee\/sv\/wp-json\/wp\/v2\/product\/29906","targetHints":{"allow":["GET"]}}],"collection":[{"href":"https:\/\/nordicdiy.ee\/sv\/wp-json\/wp\/v2\/product"}],"about":[{"href":"https:\/\/nordicdiy.ee\/sv\/wp-json\/wp\/v2\/types\/product"}],"wp:featuredmedia":[{"embeddable":true,"href":"https:\/\/nordicdiy.ee\/sv\/wp-json\/wp\/v2\/media\/29919"}],"wp:attachment":[{"href":"https:\/\/nordicdiy.ee\/sv\/wp-json\/wp\/v2\/media?parent=29906"}],"wp:term":[{"taxonomy":"product_brand","embeddable":true,"href":"https:\/\/nordicdiy.ee\/sv\/wp-json\/wp\/v2\/product_brand?post=29906"},{"taxonomy":"product_cat","embeddable":true,"href":"https:\/\/nordicdiy.ee\/sv\/wp-json\/wp\/v2\/product_cat?post=29906"},{"taxonomy":"product_tag","embeddable":true,"href":"https:\/\/nordicdiy.ee\/sv\/wp-json\/wp\/v2\/product_tag?post=29906"}],"curies":[{"name":"wp","href":"https:\/\/api.w.org\/{rel}","templated":true}]}}