{"id":30369,"date":"2026-04-28T17:32:02","date_gmt":"2026-04-28T14:32:02","guid":{"rendered":"https:\/\/nordicdiy.ee\/epood\/okategoriserad\/flytande-vax-fargamne-acl2-5773-veganskt-och-sakert\/"},"modified":"2026-04-28T19:32:00","modified_gmt":"2026-04-28T16:32:00","slug":"flytande-vax-fargamne-acl2-5773-veganskt-och-sakert","status":"publish","type":"product","link":"https:\/\/nordicdiy.ee\/sv\/epood\/tillverkning-av-stearinljus\/farger-pa-stearinljus\/flytande-vax-fargamne-acl2-5773-veganskt-och-sakert\/","title":{"rendered":"Flytande vax f\u00e4rg\u00e4mne ACL2 5773 - veganskt och s\u00e4kert"},"content":{"rendered":"<p>Flytande ljusf\u00e4rg ACL2: UFIGREEN - f\u00f6r m\u00e5lning av ljuskroppar och ljus.<\/p>\n<p>En innovativ och s\u00e4ker l\u00f6sning f\u00f6r m\u00e5lning av h\u00f6gsta kvalitet. Flytande vax f\u00e4rg\u00e4mne \u00e4r utformat f\u00f6r professionella och hobby ljusst\u00f6pare som anv\u00e4nder vax och paraffin. Den rena formuleringen och de h\u00f6gkvalitativa r\u00e5varorna garanterar intensiva, l\u00e5ngvariga nyanser och enkel, problemfri applicering.  <\/p>\n<p>Produkten \u00e4r avsedd f\u00f6r massf\u00e4rgning av stearinljus. F\u00e4rgen \u00e4r inte klassificerad som ett farligt \u00e4mne, vilket g\u00f6r den s\u00e4ker och bekv\u00e4m att arbeta med. <\/p>\n<p><strong>Varf\u00f6r v\u00e4lja v\u00e5r flytande ljusf\u00e4rg?<\/strong><\/p>\n<ul>\n<li>Vegansk - inneh\u00e5ller inga ingredienser av animaliskt ursprung.<\/li>\n<li>Cruelty Free - produkten har inte testats p\u00e5 djur.<\/li>\n<li>S\u00e4ker - inneh\u00e5ller inga tungmetaller eller ftalater.<\/li>\n<li>Ren r\u00e5materialkvalitet - endast ingredienser av h\u00f6gsta kvalitet.<\/li>\n<li>Icke-farligt - inte klassificerat som ett farligt \u00e4mne.<\/li>\n<li>Intensiva och l\u00e5nglivade f\u00e4rger - j\u00e4mn nyans genom hela ljuset.<\/li>\n<li>M\u00e5ngsidig anv\u00e4ndning - l\u00e4mplig f\u00f6r b\u00e5de mass- och containerljusm\u00e5lning.<\/li>\n<li>Enkel att anv\u00e4nda - exakt dosering tack vare den flytande formen.<\/li>\n<li>Enhetlig f\u00e4rg - l\u00f6ser sig perfekt i vax, l\u00e4mnar inga r\u00e4nder eller lager.<\/li>\n<li>Luktfri - f\u00f6r\u00e4ndrar inte doften av doftljus.<\/li>\n<li>Milj\u00f6v\u00e4nlig - l\u00e4gre appliceringstemperatur \u00e4n fling- eller granulatf\u00e4rger (l\u00e4gre energif\u00f6rbrukning).<\/li>\n<li>Ekonomisk - l\u00e4gre kostnad\/kg j\u00e4mf\u00f6rt med konkurrenterna.<\/li>\n<\/ul>\n<p><strong>Till\u00e4mpningsomr\u00e5de<\/strong><\/p>\n<p>L\u00e4mplig f\u00f6r f\u00e4rgning av soja, paraffin, raps, solros, bivax och andra ljusblandningar.<br \/>\nTillsats temperatur: beror p\u00e5 vaxtyp och sm\u00e4ltpunkt.<br \/>\nF\u00e4rgen kan tills\u00e4ttas s\u00e5 snart vaxet har sm\u00e4lt.<\/p>\n<p><strong>Anv\u00e4ndning:<\/strong><br \/>\nTills\u00e4tt den uppm\u00e4tta m\u00e4ngden f\u00e4rg till det sm\u00e4ltande vaxet och blanda ordentligt.<br \/>\nRekommenderad m\u00e4ngd: 0,01 - 0,5 viktprocent.<\/p>\n<p>Den exakta m\u00e4ngden beror p\u00e5 \u00f6nskad f\u00e4rgm\u00e4ttnad - l\u00e5t det f\u00e4rgade vaxet svalna helt f\u00f6re produktionstestning.<\/p>\n<p><strong>Viktig information<\/strong><\/p>\n<ul>\n<li>Tonerna kan variera beroende p\u00e5 bildsk\u00e4rmens inst\u00e4llningar.<\/li>\n<li>F\u00e4rgen i f\u00f6rpackningen \u00e4r koncentrerad och mycket m\u00f6rk - r\u00e4tt m\u00e4ngd vax ger den \u00f6nskade nyansen.<\/li>\n<li>Anv\u00e4nd skyddskl\u00e4der - f\u00e4rg ger permanenta fl\u00e4ckar p\u00e5 kl\u00e4der, hud och por\u00f6sa ytor.<\/li>\n<\/ul>\n<p>Produktens ursprung: Polen<br \/>\nTillverkare: Aspol Scentra sp. z o.o. <\/p>\n","protected":false},"excerpt":{"rendered":"<p>ACL flytande f\u00e4rg\u00e4mnen med UFIGREEN-logotypen \u00e4r av h\u00f6gsta kvalitet, oklassificerade f\u00e4rg\u00e4mnen som inte p\u00e5verkar ljusens s\u00e4kerhetsm\u00e4rkning. Mycket l\u00e4tt att anv\u00e4nda, blandas snabbt och j\u00e4mnt och det beh\u00f6vs bara en mycket liten m\u00e4ngd f\u00e4rg\u00e4mne f\u00f6r att f\u00e4rga ljuset i \u00f6nskad f\u00e4rg.  2 g fl\u00e4ckar 1-2 kg vax. De \u00e4r idealiska f\u00f6r tillverkning av sojavax- och paraffinljus och uppfyller de str\u00e4ngaste s\u00e4kerhets- och milj\u00f6standarderna. <\/p>\n","protected":false},"featured_media":30430,"template":"","meta":{"site-sidebar-layout":"default","site-content-layout":"","ast-site-content-layout":"default","site-content-style":"default","site-sidebar-style":"default","ast-global-header-display":"","ast-banner-title-visibility":"","ast-main-header-display":"","ast-hfb-above-header-display":"","ast-hfb-below-header-display":"","ast-hfb-mobile-header-display":"","site-post-title":"","ast-breadcrumbs-content":"","ast-featured-img":"","footer-sml-layout":"","ast-disable-related-posts":"","theme-transparent-header-meta":"default","adv-header-id-meta":"","stick-header-meta":"default","header-above-stick-meta":"","header-main-stick-meta":"","header-below-stick-meta":"","astra-migrate-meta-layouts":"default","ast-page-background-enabled":"default","ast-page-background-meta":{"desktop":{"background-color":"","background-image":"","background-repeat":"repeat","background-position":"center center","background-size":"auto","background-attachment":"scroll","background-type":"","background-media":"","overlay-type":"","overlay-color":"","overlay-opacity":"","overlay-gradient":""},"tablet":{"background-color":"","background-image":"","background-repeat":"repeat","background-position":"center center","background-size":"auto","background-attachment":"scroll","background-type":"","background-media":"","overlay-type":"","overlay-color":"","overlay-opacity":"","overlay-gradient":""},"mobile":{"background-color":"","background-image":"","background-repeat":"repeat","background-position":"center center","background-size":"auto","background-attachment":"scroll","background-type":"","background-media":"","overlay-type":"","overlay-color":"","overlay-opacity":"","overlay-gradient":""}},"ast-content-background-meta":{"desktop":{"background-color":"var(--ast-global-color-5)","background-image":"","background-repeat":"repeat","background-position":"center center","background-size":"auto","background-attachment":"scroll","background-type":"","background-media":"","overlay-type":"","overlay-color":"","overlay-opacity":"","overlay-gradient":""},"tablet":{"background-color":"var(--ast-global-color-5)","background-image":"","background-repeat":"repeat","background-position":"center center","background-size":"auto","background-attachment":"scroll","background-type":"","background-media":"","overlay-type":"","overlay-color":"","overlay-opacity":"","overlay-gradient":""},"mobile":{"background-color":"var(--ast-global-color-5)","background-image":"","background-repeat":"repeat","background-position":"center center","background-size":"auto","background-attachment":"scroll","background-type":"","background-media":"","overlay-type":"","overlay-color":"","overlay-opacity":"","overlay-gradient":""}}},"product_brand":[],"product_cat":[201,138],"product_tag":[],"class_list":{"0":"post-30369","1":"product","2":"type-product","3":"status-publish","4":"has-post-thumbnail","6":"product_cat-farger-pa-stearinljus","7":"product_cat-tillverkning-av-stearinljus","8":"desktop-align-left","9":"tablet-align-left","10":"mobile-align-left","11":"ast-product-gallery-layout-horizontal","12":"ast-product-gallery-with-no-image","13":"ast-product-single-variable","14":"ast-product-tabs-layout-horizontal","16":"first","17":"instock","18":"taxable","19":"shipping-taxable","20":"purchasable","21":"product-type-variable"},"_links":{"self":[{"href":"https:\/\/nordicdiy.ee\/sv\/wp-json\/wp\/v2\/product\/30369","targetHints":{"allow":["GET"]}}],"collection":[{"href":"https:\/\/nordicdiy.ee\/sv\/wp-json\/wp\/v2\/product"}],"about":[{"href":"https:\/\/nordicdiy.ee\/sv\/wp-json\/wp\/v2\/types\/product"}],"wp:featuredmedia":[{"embeddable":true,"href":"https:\/\/nordicdiy.ee\/sv\/wp-json\/wp\/v2\/media\/30430"}],"wp:attachment":[{"href":"https:\/\/nordicdiy.ee\/sv\/wp-json\/wp\/v2\/media?parent=30369"}],"wp:term":[{"taxonomy":"product_brand","embeddable":true,"href":"https:\/\/nordicdiy.ee\/sv\/wp-json\/wp\/v2\/product_brand?post=30369"},{"taxonomy":"product_cat","embeddable":true,"href":"https:\/\/nordicdiy.ee\/sv\/wp-json\/wp\/v2\/product_cat?post=30369"},{"taxonomy":"product_tag","embeddable":true,"href":"https:\/\/nordicdiy.ee\/sv\/wp-json\/wp\/v2\/product_tag?post=30369"}],"curies":[{"name":"wp","href":"https:\/\/api.w.org\/{rel}","templated":true}]}}